{"id":122,"date":"2015-06-06T02:25:17","date_gmt":"2015-06-06T02:25:17","guid":{"rendered":"https:\/\/petdireito.ufpr.br\/?page_id=122"},"modified":"2015-06-06T03:18:30","modified_gmt":"2015-06-06T03:18:30","slug":"anais-da-xv-jornada-de-iniciacao-cientifica-vol-1-n-4-curitiba-2013","status":"publish","type":"page","link":"https:\/\/petdireito.ufpr.br\/index.php\/anais-da-xv-jornada-de-iniciacao-cientifica-vol-1-n-4-curitiba-2013\/","title":{"rendered":"Anais da XV Jornada de Inicia\u00e7\u00e3o Cient\u00edfica. Vol. 1, n. 4. Curitiba 2013"},"content":{"rendered":"<p><strong>Editoras<\/strong>:\u00a0<a href=\"http:\/\/lattes.cnpq.br\/8412540903247562\" target=\"_blank\">Gabriela Cardoso Portella<\/a>\u00a0e\u00a0<a href=\"http:\/\/lattes.cnpq.br\/8523493480921101\" target=\"_blank\">Maria Fernanda Battaglin Loureiro<\/a><\/p>\n<hr \/>\n<p><strong>Tutor do grupo PET \u2013 Direito<\/strong>:\u00a0<a href=\"http:\/\/lattes.cnpq.br\/2562222304915449\" target=\"_blank\">Lu\u00eds Fernando Lopes Pereira<\/a><\/p>\n<hr \/>\n<p><strong>Organiza\u00e7\u00e3o: <\/strong>Grupo PET \u2013 Direito<\/p>\n<hr \/>\n<p><strong>Banca<\/strong>:\u00a0<a href=\"http:\/\/lattes.cnpq.br\/2357366953048438\" target=\"_blank\">Katie Silene C\u00e1ceres Arguello<\/a>,\u00a0<a href=\"http:\/\/lattes.cnpq.br\/4951581895472606\" target=\"_blank\">Lawrence Estivalet de Mello<\/a>,\u00a0<a href=\"http:\/\/lattes.cnpq.br\/4442105583996723\" target=\"_blank\">Leandro Franklin Gorsdorf,\u00a0<\/a><a href=\"http:\/\/lattes.cnpq.br\/6130548557084828\" target=\"_blank\">Rodrigo Lu\u00eds Kanayama<\/a>\u00a0e\u00a0<a href=\"http:\/\/lattes.cnpq.br\/4392591985058002\" target=\"_blank\">Rodrigo Xavier Leonardo<\/a><\/p>\n<hr \/>\n<p><strong>Apresenta\u00e7\u00e3o:<\/strong><\/p>\n<p style=\"text-align: justify;\">Mais uma vez o PET \u2013 Direito organizou a Jornada de Inicia\u00e7\u00e3o Cient\u00edfica. Foi a d\u00e9cima quinta edi\u00e7\u00e3o do evento que proporciona aos estudantes do curso de Direito a possibilidade de apresentar suas pesquisas e de public\u00e1-las. Apresentar-se diante de uma banca com 05 avaliadores n\u00e3o \u00e9 tarefa f\u00e1cil, mas importante para o aprendizado e forma\u00e7\u00e3o daqueles que se envolvem mais detidamente com a vida acad\u00eamica.\u00a0 Em 2013, a Jornada de Inicia\u00e7\u00e3o Cient\u00edfica ocorreu nos dias 04 (quatro) e 05 (cinco) de novembro, no per\u00edodo da manh\u00e3, nas depend\u00eancias do pr\u00e9dio hist\u00f3rica da Universidade Federal do Paran\u00e1.<\/p>\n<p style=\"text-align: justify;\">Neste ano, a banca avaliadora foi composta pelos professores Katie Silena C\u00e1ceres Arguello, Leandro Franklin Gorsdorf, Rodrigo Lu\u00eds Kanayama e Rodrigo Xavier Leonardo e tamb\u00e9m pelo mestrando Lawrence Estivalet de Mello.<\/p>\n<hr \/>\n<p><strong>Artigos publicados:<\/strong><\/p>\n<p>&nbsp;<\/p>\n<hr \/>\n<p><strong>1\u00b0 colocado:\u00a0<\/strong><strong>\u00a0<a href=\"http:\/\/www.direito.ufpr.br\/wp-content\/uploads\/2014\/11\/Jornada-1%C2%BA-lugar.-Mariana-e-Victor1.pdf\" target=\"_blank\">\u00c0 margem da sociedade, ao centro do capital: o mercado barato de mulheres \u2013 apontamentos acerca do projeto acerca do Projeto de Lei Gabriela Leite<\/a> <\/strong>(p.3-27)\u00a0por Mariana Garcia Tabuchi e Victor Sugamosto Romfeld<\/p>\n<hr \/>\n<p><strong>2\u00b0 colocado:\u00a0<\/strong><strong><a href=\"http:\/\/www.direito.ufpr.br\/wp-content\/uploads\/2014\/11\/Jornada-2%C2%BA-lugar.-Allan1.pdf\" target=\"_blank\">\u201cSem viol\u00eancia\u201d: elementos para uma cr\u00edtica da viol\u00eancia pol\u00edtica<\/a><\/strong> (p.28-46)\u00a0por Allan Mohamad Hillani<strong><br \/>\n<\/strong><\/p>\n<hr \/>\n<p><strong>\u00a03\u00b0 colocado:\u00a0<\/strong><strong><a href=\"http:\/\/www.direito.ufpr.br\/wp-content\/uploads\/2014\/11\/Jornada-3%C2%BA-lugar.-Estela1.pdf\" target=\"_blank\">\u201cGente \u00e9 macaco de on\u00e7a\u201d \u2013 notas sobre o sujeito a partir do perspectivismo amer\u00edndio<\/a>\u00a0<\/strong>(p.47-76)\u00a0por Estela de Souza Basso<strong><br \/>\n<\/strong><\/p>\n<hr \/>\n<p><strong>\u00a04\u00b0 colocado:\u00a0<\/strong><strong><a href=\"http:\/\/www.direito.ufpr.br\/wp-content\/uploads\/2014\/11\/Jornada-4%C2%BA-lugar.-Gabriela-e-Nadine1.pdf\" target=\"_blank\">A recompensa atroz: o sistema de pagamento por produ\u00e7\u00e3o como mecanismo de captura da subjetividade trabalhadora<\/a> <\/strong>(p.77-105)\u00a0por Gabriela Cardoso Portella e Nadine Bissoni Narloch<\/p>\n<hr \/>\n<p><strong>5\u00b0 colocado:\u00a0<\/strong><strong><a href=\"http:\/\/www.direito.ufpr.br\/wp-content\/uploads\/2014\/11\/Jornada-5%C2%BA-lugar.-Andressa-e-Henrique1.pdf\" target=\"_blank\">Identidade LGBT e capitalismo: a constru\u00e7\u00e3o hist\u00f3rica da homofobia e as estrat\u00e9gias jur\u00eddicas para seu combate<\/a> <\/strong>(p.106-132)\u00a0por Andressa Regina Bissolotti dos Santos e Henrique Kramer da Cruz e Silva<\/p>\n<hr \/>\n<p><strong>6\u00b0 colocado:\u00a0<\/strong><strong><a href=\"http:\/\/www.direito.ufpr.br\/wp-content\/uploads\/2014\/11\/Jornada-6%C2%BA-lugar.-Luzardo-Faria1.pdf\" target=\"_blank\">Limites jur\u00eddicos da legitimidade do Poder Judici\u00e1rio para a concess\u00e3o de presta\u00e7\u00f5es individuais de sa\u00fade<\/a><\/strong> (p.133-163)\u00a0por Luzardo Faria<strong><br \/>\n<\/strong><\/p>\n<hr \/>\n<p><strong>\u00a07\u00b0 colocado:\u00a0<\/strong><strong><a href=\"http:\/\/www.direito.ufpr.br\/wp-content\/uploads\/2014\/11\/Jornada-7%C2%BA-lugar.-Maria-Fernanda1.pdf\" target=\"_blank\">Da Col\u00f4nia Penal aos corpos biopol\u00edticos na Lei n. 12.654\/2012\u00a0 <\/a><\/strong>(p.164-181)\u00a0por Maria Fernanda Battaglin Loureiro<\/p>\n<hr \/>\n<p><strong>Resumos:<\/strong><\/p>\n<p><a href=\"http:\/\/www.direito.ufpr.br\/wp-content\/uploads\/2014\/11\/Resumo-8%C2%BA-lugar1.pdf\" target=\"_blank\">Direito e literatura a partir de uma est\u00e9tica marxista e libertadora: uma an\u00e1lise sobre as fronteiras interdisciplinares e sua solu\u00e7\u00e3o pr\u00e1tica<\/a>\u00a0(p.182), por Pedro Pompeo Pistelli Ferreira<\/p>\n<p><a href=\"http:\/\/www.direito.ufpr.br\/wp-content\/uploads\/2014\/11\/Resumo-9%C2%BA-lugar1.pdf\" target=\"_blank\">O direito como instrumento de combate \u00e0 obesidade<\/a>\u00a0(p.183), por Ramon Schadeck Rodrigues<\/p>\n<p><a href=\"http:\/\/www.direito.ufpr.br\/wp-content\/uploads\/2014\/11\/Resumo-10%C2%BA-lugar1.pdf\" target=\"_blank\">A constru\u00e7\u00e3o judicial em pol\u00edticas p\u00fablicas pela via coletiva<\/a>\u00a0 (p.184), por Frederico Augusto Gomes<a href=\"http:\/\/www.direito.ufpr.br\/wp-content\/uploads\/2014\/11\/Resumo-10%C2%BA-lugar1.pdf\"><br \/>\n<\/a><\/p>\n<p><a href=\"http:\/\/www.direito.ufpr.br\/wp-content\/uploads\/2014\/11\/Resumo-11%C2%BA-lugar.pdf\" target=\"_blank\">Muta\u00e7\u00f5es constitucionais e a prote\u00e7\u00e3o dos direitos fundamentais dos grupos minorit\u00e1rios<\/a>\u00a0(p.185), por Fernanda Gonsalves<\/p>\n","protected":false},"excerpt":{"rendered":"<p>Editoras:\u00a0Gabriela Cardoso Portella\u00a0e\u00a0Maria Fernanda Battaglin Loureiro Tutor do grupo PET \u2013 Direito:\u00a0Lu\u00eds Fernando Lopes Pereira Organiza\u00e7\u00e3o: Grupo PET \u2013 Direito Banca:\u00a0Katie Silene C\u00e1ceres Arguello,\u00a0Lawrence Estivalet de Mello,\u00a0Leandro Franklin Gorsdorf,\u00a0Rodrigo Lu\u00eds Kanayama\u00a0e\u00a0Rodrigo Xavier Leonardo Apresenta\u00e7\u00e3o: Mais uma vez o&#8230; <a class=\"read-more\" href=\"https:\/\/petdireito.ufpr.br\/index.php\/anais-da-xv-jornada-de-iniciacao-cientifica-vol-1-n-4-curitiba-2013\/\">Read More<\/a><\/p>\n","protected":false},"author":1,"featured_media":0,"parent":0,"menu_order":0,"comment_status":"closed","ping_status":"open","template":"","meta":{"footnotes":""},"class_list":["post-122","page","type-page","status-publish","hentry"],"_links":{"self":[{"href":"https:\/\/petdireito.ufpr.br\/index.php\/wp-json\/wp\/v2\/pages\/122","targetHints":{"allow":["GET"]}}],"collection":[{"href":"https:\/\/petdireito.ufpr.br\/index.php\/wp-json\/wp\/v2\/pages"}],"about":[{"href":"https:\/\/petdireito.ufpr.br\/index.php\/wp-json\/wp\/v2\/types\/page"}],"author":[{"embeddable":true,"href":"https:\/\/petdireito.ufpr.br\/index.php\/wp-json\/wp\/v2\/users\/1"}],"replies":[{"embeddable":true,"href":"https:\/\/petdireito.ufpr.br\/index.php\/wp-json\/wp\/v2\/comments?post=122"}],"version-history":[{"count":4,"href":"https:\/\/petdireito.ufpr.br\/index.php\/wp-json\/wp\/v2\/pages\/122\/revisions"}],"predecessor-version":[{"id":137,"href":"https:\/\/petdireito.ufpr.br\/index.php\/wp-json\/wp\/v2\/pages\/122\/revisions\/137"}],"wp:attachment":[{"href":"https:\/\/petdireito.ufpr.br\/index.php\/wp-json\/wp\/v2\/media?parent=122"}],"curies":[{"name":"wp","href":"https:\/\/api.w.org\/{rel}","templated":true}]}}